{"id":1491,"date":"2020-04-26T22:32:43","date_gmt":"2020-04-26T22:32:43","guid":{"rendered":"https:\/\/antiqua.mx\/?post_type=product&#038;p=1491"},"modified":"2026-04-02T23:39:01","modified_gmt":"2026-04-02T23:39:01","slug":"gentes-profanas-en-el-convento","status":"publish","type":"product","link":"https:\/\/antiqua.mx\/en\/product\/gentes-profanas-en-el-convento\/","title":{"rendered":"DR. ATL. GENTES PROFANAS EN EL CONVENTO"},"content":{"rendered":"<p><strong>Dr. Atl\u00a0<\/strong><\/p>\n<p>Editorial: Botas<\/p>\n<p>Primera edici\u00f3n<\/p>\n<p>A\u00f1o 1950<\/p>\n<p>R\u00fastico, en muy buenas condiciones.<\/p>\n<p>Impreso en M\u00e9xico.<\/p>\n<p>270 p\u00e1ginas<\/p>","protected":false},"excerpt":{"rendered":"<ul>\n<li>Editorial: Botas<\/li>\n<li>Primera edici\u00f3n<\/li>\n<li>A\u00f1o 1950<\/li>\n<li>R\u00fastico, en muy buenas condiciones.<\/li>\n<li>Impreso en M\u00e9xico.<\/li>\n<li>270 p\u00e1ginas<\/li>\n<\/ul>","protected":false},"featured_media":26732,"comment_status":"open","ping_status":"closed","template":"","meta":{"_joinchat":[]},"product_brand":[],"product_cat":[335,336],"product_tag":[653,4771],"class_list":{"0":"post-1491","1":"product","2":"type-product","3":"status-publish","6":"product_cat-literatura","7":"product_cat-litmexicana","8":"product_tag-dr-atl","9":"product_tag-gerardo-murillo","11":"first","12":"instock","13":"featured","14":"sold-individually","15":"taxable","16":"shipping-taxable","17":"purchasable","18":"product-type-simple"},"yoast_head":"<!-- This site is optimized with the Yoast SEO plugin v26.1.1 - https:\/\/yoast.com\/wordpress\/plugins\/seo\/ -->\n<title>DR. ATL. GENTES PROFANAS EN EL CONVENTO -<\/title>\n<meta name=\"robots\" content=\"index, follow, max-snippet:-1, max-image-preview:large, max-video-preview:-1\" \/>\n<link rel=\"canonical\" href=\"https:\/\/antiqua.mx\/en\/product\/gentes-profanas-en-el-convento\/\" \/>\n<meta property=\"og:locale\" content=\"en_US\" \/>\n<meta property=\"og:type\" content=\"article\" \/>\n<meta property=\"og:title\" content=\"DR. ATL. GENTES PROFANAS EN EL CONVENTO -\" \/>\n<meta property=\"og:description\" content=\"Editorial: Botas  Primera edici\u00f3n  A\u00f1o 1950  R\u00fastico, en muy buenas condiciones.  Impreso en M\u00e9xico.  270 p\u00e1ginas\" \/>\n<meta property=\"og:url\" content=\"https:\/\/antiqua.mx\/en\/product\/gentes-profanas-en-el-convento\/\" \/>\n<meta property=\"article:modified_time\" content=\"2026-04-02T23:39:01+00:00\" \/>\n<meta property=\"og:image\" content=\"https:\/\/antiqua.mx\/wp-content\/uploads\/2020\/04\/DR.-ATL.-GENTES-PROFANAS-EN-EL-CONVENTO.jpg\" \/>\n\t<meta property=\"og:image:width\" content=\"1828\" \/>\n\t<meta property=\"og:image:height\" content=\"2560\" \/>\n\t<meta property=\"og:image:type\" content=\"image\/jpeg\" \/>\n<meta name=\"twitter:card\" content=\"summary_large_image\" \/>\n<meta name=\"twitter:label1\" content=\"Est. reading time\" \/>\n\t<meta name=\"twitter:data1\" content=\"1 minute\" \/>\n<script type=\"application\/ld+json\" class=\"yoast-schema-graph\">{\"@context\":\"https:\/\/schema.org\",\"@graph\":[{\"@type\":\"WebPage\",\"@id\":\"https:\/\/antiqua.mx\/producto\/gentes-profanas-en-el-convento\/\",\"url\":\"https:\/\/antiqua.mx\/producto\/gentes-profanas-en-el-convento\/\",\"name\":\"DR. ATL. GENTES PROFANAS EN EL CONVENTO -\",\"isPartOf\":{\"@id\":\"https:\/\/antiqua.mx\/en\/#website\"},\"primaryImageOfPage\":{\"@id\":\"https:\/\/antiqua.mx\/producto\/gentes-profanas-en-el-convento\/#primaryimage\"},\"image\":{\"@id\":\"https:\/\/antiqua.mx\/producto\/gentes-profanas-en-el-convento\/#primaryimage\"},\"thumbnailUrl\":\"https:\/\/antiqua.mx\/wp-content\/uploads\/2020\/04\/DR.-ATL.-GENTES-PROFANAS-EN-EL-CONVENTO.jpg\",\"datePublished\":\"2020-04-26T22:32:43+00:00\",\"dateModified\":\"2026-04-02T23:39:01+00:00\",\"breadcrumb\":{\"@id\":\"https:\/\/antiqua.mx\/producto\/gentes-profanas-en-el-convento\/#breadcrumb\"},\"inLanguage\":\"en-US\",\"potentialAction\":[{\"@type\":\"ReadAction\",\"target\":[\"https:\/\/antiqua.mx\/producto\/gentes-profanas-en-el-convento\/\"]}]},{\"@type\":\"ImageObject\",\"inLanguage\":\"en-US\",\"@id\":\"https:\/\/antiqua.mx\/producto\/gentes-profanas-en-el-convento\/#primaryimage\",\"url\":\"https:\/\/antiqua.mx\/wp-content\/uploads\/2020\/04\/DR.-ATL.-GENTES-PROFANAS-EN-EL-CONVENTO.jpg\",\"contentUrl\":\"https:\/\/antiqua.mx\/wp-content\/uploads\/2020\/04\/DR.-ATL.-GENTES-PROFANAS-EN-EL-CONVENTO.jpg\",\"width\":1828,\"height\":2560},{\"@type\":\"BreadcrumbList\",\"@id\":\"https:\/\/antiqua.mx\/producto\/gentes-profanas-en-el-convento\/#breadcrumb\",\"itemListElement\":[{\"@type\":\"ListItem\",\"position\":1,\"name\":\"Portada\",\"item\":\"https:\/\/antiqua.mx\/en\/\"},{\"@type\":\"ListItem\",\"position\":2,\"name\":\"Tienda\",\"item\":\"https:\/\/antiqua.mx\/tienda\/\"},{\"@type\":\"ListItem\",\"position\":3,\"name\":\"DR. ATL. GENTES PROFANAS EN EL CONVENTO\"}]},{\"@type\":\"WebSite\",\"@id\":\"https:\/\/antiqua.mx\/en\/#website\",\"url\":\"https:\/\/antiqua.mx\/en\/\",\"name\":\"\",\"description\":\"\",\"potentialAction\":[{\"@type\":\"SearchAction\",\"target\":{\"@type\":\"EntryPoint\",\"urlTemplate\":\"https:\/\/antiqua.mx\/en\/?s={search_term_string}\"},\"query-input\":{\"@type\":\"PropertyValueSpecification\",\"valueRequired\":true,\"valueName\":\"search_term_string\"}}],\"inLanguage\":\"en-US\"}]}<\/script>\n<!-- \/ Yoast SEO plugin. -->","yoast_head_json":{"title":"DR. ATL. GENTES PROFANAS EN EL CONVENTO -","robots":{"index":"index","follow":"follow","max-snippet":"max-snippet:-1","max-image-preview":"max-image-preview:large","max-video-preview":"max-video-preview:-1"},"canonical":"https:\/\/antiqua.mx\/en\/product\/gentes-profanas-en-el-convento\/","og_locale":"en_US","og_type":"article","og_title":"DR. ATL. GENTES PROFANAS EN EL CONVENTO -","og_description":"Editorial: Botas  Primera edici\u00f3n  A\u00f1o 1950  R\u00fastico, en muy buenas condiciones.  Impreso en M\u00e9xico.  270 p\u00e1ginas","og_url":"https:\/\/antiqua.mx\/en\/product\/gentes-profanas-en-el-convento\/","article_modified_time":"2026-04-02T23:39:01+00:00","og_image":[{"width":1828,"height":2560,"url":"https:\/\/antiqua.mx\/wp-content\/uploads\/2020\/04\/DR.-ATL.-GENTES-PROFANAS-EN-EL-CONVENTO.jpg","type":"image\/jpeg"}],"twitter_card":"summary_large_image","twitter_misc":{"Est. reading time":"1 minute"},"schema":{"@context":"https:\/\/schema.org","@graph":[{"@type":"WebPage","@id":"https:\/\/antiqua.mx\/producto\/gentes-profanas-en-el-convento\/","url":"https:\/\/antiqua.mx\/producto\/gentes-profanas-en-el-convento\/","name":"DR. ATL. GENTES PROFANAS EN EL CONVENTO -","isPartOf":{"@id":"https:\/\/antiqua.mx\/en\/#website"},"primaryImageOfPage":{"@id":"https:\/\/antiqua.mx\/producto\/gentes-profanas-en-el-convento\/#primaryimage"},"image":{"@id":"https:\/\/antiqua.mx\/producto\/gentes-profanas-en-el-convento\/#primaryimage"},"thumbnailUrl":"https:\/\/antiqua.mx\/wp-content\/uploads\/2020\/04\/DR.-ATL.-GENTES-PROFANAS-EN-EL-CONVENTO.jpg","datePublished":"2020-04-26T22:32:43+00:00","dateModified":"2026-04-02T23:39:01+00:00","breadcrumb":{"@id":"https:\/\/antiqua.mx\/producto\/gentes-profanas-en-el-convento\/#breadcrumb"},"inLanguage":"en-US","potentialAction":[{"@type":"ReadAction","target":["https:\/\/antiqua.mx\/producto\/gentes-profanas-en-el-convento\/"]}]},{"@type":"ImageObject","inLanguage":"en-US","@id":"https:\/\/antiqua.mx\/producto\/gentes-profanas-en-el-convento\/#primaryimage","url":"https:\/\/antiqua.mx\/wp-content\/uploads\/2020\/04\/DR.-ATL.-GENTES-PROFANAS-EN-EL-CONVENTO.jpg","contentUrl":"https:\/\/antiqua.mx\/wp-content\/uploads\/2020\/04\/DR.-ATL.-GENTES-PROFANAS-EN-EL-CONVENTO.jpg","width":1828,"height":2560},{"@type":"BreadcrumbList","@id":"https:\/\/antiqua.mx\/producto\/gentes-profanas-en-el-convento\/#breadcrumb","itemListElement":[{"@type":"ListItem","position":1,"name":"Portada","item":"https:\/\/antiqua.mx\/en\/"},{"@type":"ListItem","position":2,"name":"Tienda","item":"https:\/\/antiqua.mx\/tienda\/"},{"@type":"ListItem","position":3,"name":"DR. ATL. GENTES PROFANAS EN EL CONVENTO"}]},{"@type":"WebSite","@id":"https:\/\/antiqua.mx\/en\/#website","url":"https:\/\/antiqua.mx\/en\/","name":"","description":"","potentialAction":[{"@type":"SearchAction","target":{"@type":"EntryPoint","urlTemplate":"https:\/\/antiqua.mx\/en\/?s={search_term_string}"},"query-input":{"@type":"PropertyValueSpecification","valueRequired":true,"valueName":"search_term_string"}}],"inLanguage":"en-US"}]}},"jetpack_sharing_enabled":true,"_links":{"self":[{"href":"https:\/\/antiqua.mx\/en\/wp-json\/wp\/v2\/product\/1491","targetHints":{"allow":["GET"]}}],"collection":[{"href":"https:\/\/antiqua.mx\/en\/wp-json\/wp\/v2\/product"}],"about":[{"href":"https:\/\/antiqua.mx\/en\/wp-json\/wp\/v2\/types\/product"}],"replies":[{"embeddable":true,"href":"https:\/\/antiqua.mx\/en\/wp-json\/wp\/v2\/comments?post=1491"}],"wp:featuredmedia":[{"embeddable":true,"href":"https:\/\/antiqua.mx\/en\/wp-json\/wp\/v2\/media\/26732"}],"wp:attachment":[{"href":"https:\/\/antiqua.mx\/en\/wp-json\/wp\/v2\/media?parent=1491"}],"wp:term":[{"taxonomy":"product_brand","embeddable":true,"href":"https:\/\/antiqua.mx\/en\/wp-json\/wp\/v2\/product_brand?post=1491"},{"taxonomy":"product_cat","embeddable":true,"href":"https:\/\/antiqua.mx\/en\/wp-json\/wp\/v2\/product_cat?post=1491"},{"taxonomy":"product_tag","embeddable":true,"href":"https:\/\/antiqua.mx\/en\/wp-json\/wp\/v2\/product_tag?post=1491"}],"curies":[{"name":"wp","href":"https:\/\/api.w.org\/{rel}","templated":true}]}}